{"id":18148,"date":"2026-09-01T18:32:11","date_gmt":"2026-09-01T16:32:11","guid":{"rendered":"https:\/\/pacific-credo.fr\/?post_type=seminaire-du-credo&#038;p=18148"},"modified":"2026-09-01T18:34:37","modified_gmt":"2026-09-01T16:34:37","slug":"soutenance-de-these-iris-portoleau","status":"publish","type":"seminaire-du-credo","link":"https:\/\/pacific-credo.fr\/en\/seminaire-du-credo\/soutenance-de-these-iris-portoleau\/","title":{"rendered":"Thesis defense : Iris Portoleau"},"excerpt":{"rendered":"<p>The School on the Margins and the Margins of the School: Adapting History and Geography Curricula in French Polynesia and Kanaky-New Caledonia Since the 1950s<\/p>","protected":false},"featured_media":9382,"template":"","meta":{"_acf_changed":false},"class_list":["post-18148","seminaire-du-credo","type-seminaire-du-credo","status-publish","has-post-thumbnail","hentry"],"acf":[],"yoast_head":"<!-- This site is optimized with the Yoast SEO plugin v26.6 - https:\/\/yoast.com\/wordpress\/plugins\/seo\/ -->\n<title>Soutenance de th\u00e8se : Iris Portoleau - Credo<\/title>\n<meta name=\"robots\" content=\"index, follow, max-snippet:-1, max-image-preview:large, max-video-preview:-1\" \/>\n<link rel=\"canonical\" href=\"https:\/\/pacific-credo.fr\/en\/seminaire-du-credo\/soutenance-de-these-iris-portoleau\/\" \/>\n<meta property=\"og:locale\" content=\"en_US\" \/>\n<meta property=\"og:type\" content=\"article\" \/>\n<meta property=\"og:title\" content=\"Soutenance de th\u00e8se : Iris Portoleau - Credo\" \/>\n<meta property=\"og:description\" content=\"L&#039;\u00e9cole des marges et les marges de l&#039;\u00e9cole : adapter les enseignements d&#039;histoire-g\u00e9ographie en Polyn\u00e9sie fran\u00e7aise et en Kanaky-Nouvelle-Cal\u00e9donie depuis les ann\u00e9es 1950\" \/>\n<meta property=\"og:url\" content=\"https:\/\/pacific-credo.fr\/en\/seminaire-du-credo\/soutenance-de-these-iris-portoleau\/\" \/>\n<meta property=\"og:site_name\" content=\"Credo\" \/>\n<meta property=\"article:publisher\" content=\"https:\/\/www.facebook.com\/people\/CREDO-Centre-de-Recherche-et-de-Documentation-sur-lOcanie\/100087147725332\/\" \/>\n<meta property=\"article:modified_time\" content=\"2026-09-01T16:34:37+00:00\" \/>\n<meta property=\"og:image\" content=\"https:\/\/pacific-credo.fr\/wp-content\/uploads\/2025\/01\/seminaire3.webp\" \/>\n\t<meta property=\"og:image:width\" content=\"360\" \/>\n\t<meta property=\"og:image:height\" content=\"350\" \/>\n\t<meta property=\"og:image:type\" content=\"image\/webp\" \/>\n<meta name=\"twitter:card\" content=\"summary_large_image\" \/>\n<meta name=\"twitter:label1\" content=\"Est. reading time\" \/>\n\t<meta name=\"twitter:data1\" content=\"2 minutes\" \/>\n<script type=\"application\/ld+json\" class=\"yoast-schema-graph\">{\"@context\":\"https:\/\/schema.org\",\"@graph\":[{\"@type\":\"WebPage\",\"@id\":\"https:\/\/pacific-credo.fr\/seminaire-du-credo\/soutenance-de-these-iris-portoleau\/\",\"url\":\"https:\/\/pacific-credo.fr\/seminaire-du-credo\/soutenance-de-these-iris-portoleau\/\",\"name\":\"Soutenance de th\u00e8se : Iris Portoleau - Credo\",\"isPartOf\":{\"@id\":\"https:\/\/pacific-credo.fr\/en\/#website\"},\"primaryImageOfPage\":{\"@id\":\"https:\/\/pacific-credo.fr\/seminaire-du-credo\/soutenance-de-these-iris-portoleau\/#primaryimage\"},\"image\":{\"@id\":\"https:\/\/pacific-credo.fr\/seminaire-du-credo\/soutenance-de-these-iris-portoleau\/#primaryimage\"},\"thumbnailUrl\":\"https:\/\/pacific-credo.fr\/wp-content\/uploads\/2025\/01\/seminaire3.webp\",\"datePublished\":\"2026-09-01T16:32:11+00:00\",\"dateModified\":\"2026-09-01T16:34:37+00:00\",\"breadcrumb\":{\"@id\":\"https:\/\/pacific-credo.fr\/seminaire-du-credo\/soutenance-de-these-iris-portoleau\/#breadcrumb\"},\"inLanguage\":\"en-US\",\"potentialAction\":[{\"@type\":\"ReadAction\",\"target\":[\"https:\/\/pacific-credo.fr\/seminaire-du-credo\/soutenance-de-these-iris-portoleau\/\"]}]},{\"@type\":\"ImageObject\",\"inLanguage\":\"en-US\",\"@id\":\"https:\/\/pacific-credo.fr\/seminaire-du-credo\/soutenance-de-these-iris-portoleau\/#primaryimage\",\"url\":\"https:\/\/pacific-credo.fr\/wp-content\/uploads\/2025\/01\/seminaire3.webp\",\"contentUrl\":\"https:\/\/pacific-credo.fr\/wp-content\/uploads\/2025\/01\/seminaire3.webp\",\"width\":360,\"height\":350,\"caption\":\"Le s\u00e9minaire\"},{\"@type\":\"BreadcrumbList\",\"@id\":\"https:\/\/pacific-credo.fr\/seminaire-du-credo\/soutenance-de-these-iris-portoleau\/#breadcrumb\",\"itemListElement\":[{\"@type\":\"ListItem\",\"position\":1,\"name\":\"Accueil\",\"item\":\"https:\/\/pacific-credo.fr\/\"},{\"@type\":\"ListItem\",\"position\":2,\"name\":\"Soutenance de th\u00e8se : Iris Portoleau\"}]},{\"@type\":\"WebSite\",\"@id\":\"https:\/\/pacific-credo.fr\/en\/#website\",\"url\":\"https:\/\/pacific-credo.fr\/en\/\",\"name\":\"Credo\",\"description\":\"\",\"publisher\":{\"@id\":\"https:\/\/pacific-credo.fr\/en\/#organization\"},\"potentialAction\":[{\"@type\":\"SearchAction\",\"target\":{\"@type\":\"EntryPoint\",\"urlTemplate\":\"https:\/\/pacific-credo.fr\/en\/?s={search_term_string}\"},\"query-input\":{\"@type\":\"PropertyValueSpecification\",\"valueRequired\":true,\"valueName\":\"search_term_string\"}}],\"inLanguage\":\"en-US\"},{\"@type\":\"Organization\",\"@id\":\"https:\/\/pacific-credo.fr\/en\/#organization\",\"name\":\"Credo\",\"url\":\"https:\/\/pacific-credo.fr\/en\/\",\"logo\":{\"@type\":\"ImageObject\",\"inLanguage\":\"en-US\",\"@id\":\"https:\/\/pacific-credo.fr\/en\/#\/schema\/logo\/image\/\",\"url\":\"https:\/\/pacific-credo.fr\/wp-content\/uploads\/2024\/07\/\u00aeCREDO.webp\",\"contentUrl\":\"https:\/\/pacific-credo.fr\/wp-content\/uploads\/2024\/07\/\u00aeCREDO.webp\",\"width\":637,\"height\":591,\"caption\":\"Credo\"},\"image\":{\"@id\":\"https:\/\/pacific-credo.fr\/en\/#\/schema\/logo\/image\/\"},\"sameAs\":[\"https:\/\/www.facebook.com\/people\/CREDO-Centre-de-Recherche-et-de-Documentation-sur-lOcanie\/100087147725332\/\",\"https:\/\/www.linkedin.com\/company\/credo-centre-de-recherche-et-de-documentation-sur-l-ocanie\/about\/?viewAsMember=true\"]}]}<\/script>\n<!-- \/ Yoast SEO plugin. -->","yoast_head_json":{"title":"Soutenance de th\u00e8se : Iris Portoleau - Credo","robots":{"index":"index","follow":"follow","max-snippet":"max-snippet:-1","max-image-preview":"max-image-preview:large","max-video-preview":"max-video-preview:-1"},"canonical":"https:\/\/pacific-credo.fr\/en\/seminaire-du-credo\/soutenance-de-these-iris-portoleau\/","og_locale":"en_US","og_type":"article","og_title":"Soutenance de th\u00e8se : Iris Portoleau - Credo","og_description":"L'\u00e9cole des marges et les marges de l'\u00e9cole : adapter les enseignements d'histoire-g\u00e9ographie en Polyn\u00e9sie fran\u00e7aise et en Kanaky-Nouvelle-Cal\u00e9donie depuis les ann\u00e9es 1950","og_url":"https:\/\/pacific-credo.fr\/en\/seminaire-du-credo\/soutenance-de-these-iris-portoleau\/","og_site_name":"Credo","article_publisher":"https:\/\/www.facebook.com\/people\/CREDO-Centre-de-Recherche-et-de-Documentation-sur-lOcanie\/100087147725332\/","article_modified_time":"2026-09-01T16:34:37+00:00","og_image":[{"width":360,"height":350,"url":"https:\/\/pacific-credo.fr\/wp-content\/uploads\/2025\/01\/seminaire3.webp","type":"image\/webp"}],"twitter_card":"summary_large_image","twitter_misc":{"Est. reading time":"2 minutes"},"schema":{"@context":"https:\/\/schema.org","@graph":[{"@type":"WebPage","@id":"https:\/\/pacific-credo.fr\/seminaire-du-credo\/soutenance-de-these-iris-portoleau\/","url":"https:\/\/pacific-credo.fr\/seminaire-du-credo\/soutenance-de-these-iris-portoleau\/","name":"Soutenance de th\u00e8se : Iris Portoleau - Credo","isPartOf":{"@id":"https:\/\/pacific-credo.fr\/en\/#website"},"primaryImageOfPage":{"@id":"https:\/\/pacific-credo.fr\/seminaire-du-credo\/soutenance-de-these-iris-portoleau\/#primaryimage"},"image":{"@id":"https:\/\/pacific-credo.fr\/seminaire-du-credo\/soutenance-de-these-iris-portoleau\/#primaryimage"},"thumbnailUrl":"https:\/\/pacific-credo.fr\/wp-content\/uploads\/2025\/01\/seminaire3.webp","datePublished":"2026-09-01T16:32:11+00:00","dateModified":"2026-09-01T16:34:37+00:00","breadcrumb":{"@id":"https:\/\/pacific-credo.fr\/seminaire-du-credo\/soutenance-de-these-iris-portoleau\/#breadcrumb"},"inLanguage":"en-US","potentialAction":[{"@type":"ReadAction","target":["https:\/\/pacific-credo.fr\/seminaire-du-credo\/soutenance-de-these-iris-portoleau\/"]}]},{"@type":"ImageObject","inLanguage":"en-US","@id":"https:\/\/pacific-credo.fr\/seminaire-du-credo\/soutenance-de-these-iris-portoleau\/#primaryimage","url":"https:\/\/pacific-credo.fr\/wp-content\/uploads\/2025\/01\/seminaire3.webp","contentUrl":"https:\/\/pacific-credo.fr\/wp-content\/uploads\/2025\/01\/seminaire3.webp","width":360,"height":350,"caption":"Le s\u00e9minaire"},{"@type":"BreadcrumbList","@id":"https:\/\/pacific-credo.fr\/seminaire-du-credo\/soutenance-de-these-iris-portoleau\/#breadcrumb","itemListElement":[{"@type":"ListItem","position":1,"name":"Accueil","item":"https:\/\/pacific-credo.fr\/"},{"@type":"ListItem","position":2,"name":"Soutenance de th\u00e8se : Iris Portoleau"}]},{"@type":"WebSite","@id":"https:\/\/pacific-credo.fr\/en\/#website","url":"https:\/\/pacific-credo.fr\/en\/","name":"Credo","description":"","publisher":{"@id":"https:\/\/pacific-credo.fr\/en\/#organization"},"potentialAction":[{"@type":"SearchAction","target":{"@type":"EntryPoint","urlTemplate":"https:\/\/pacific-credo.fr\/en\/?s={search_term_string}"},"query-input":{"@type":"PropertyValueSpecification","valueRequired":true,"valueName":"search_term_string"}}],"inLanguage":"en-US"},{"@type":"Organization","@id":"https:\/\/pacific-credo.fr\/en\/#organization","name":"Credo","url":"https:\/\/pacific-credo.fr\/en\/","logo":{"@type":"ImageObject","inLanguage":"en-US","@id":"https:\/\/pacific-credo.fr\/en\/#\/schema\/logo\/image\/","url":"https:\/\/pacific-credo.fr\/wp-content\/uploads\/2024\/07\/\u00aeCREDO.webp","contentUrl":"https:\/\/pacific-credo.fr\/wp-content\/uploads\/2024\/07\/\u00aeCREDO.webp","width":637,"height":591,"caption":"Credo"},"image":{"@id":"https:\/\/pacific-credo.fr\/en\/#\/schema\/logo\/image\/"},"sameAs":["https:\/\/www.facebook.com\/people\/CREDO-Centre-de-Recherche-et-de-Documentation-sur-lOcanie\/100087147725332\/","https:\/\/www.linkedin.com\/company\/credo-centre-de-recherche-et-de-documentation-sur-l-ocanie\/about\/?viewAsMember=true"]}]}},"_links":{"self":[{"href":"https:\/\/pacific-credo.fr\/en\/wp-json\/wp\/v2\/seminaire-du-credo\/18148","targetHints":{"allow":["GET"]}}],"collection":[{"href":"https:\/\/pacific-credo.fr\/en\/wp-json\/wp\/v2\/seminaire-du-credo"}],"about":[{"href":"https:\/\/pacific-credo.fr\/en\/wp-json\/wp\/v2\/types\/seminaire-du-credo"}],"version-history":[{"count":5,"href":"https:\/\/pacific-credo.fr\/en\/wp-json\/wp\/v2\/seminaire-du-credo\/18148\/revisions"}],"predecessor-version":[{"id":18153,"href":"https:\/\/pacific-credo.fr\/en\/wp-json\/wp\/v2\/seminaire-du-credo\/18148\/revisions\/18153"}],"wp:featuredmedia":[{"embeddable":true,"href":"https:\/\/pacific-credo.fr\/en\/wp-json\/wp\/v2\/media\/9382"}],"wp:attachment":[{"href":"https:\/\/pacific-credo.fr\/en\/wp-json\/wp\/v2\/media?parent=18148"}],"curies":[{"name":"wp","href":"https:\/\/api.w.org\/{rel}","templated":true}]}}